{"id":2943,"date":"2024-04-01T16:40:26","date_gmt":"2024-04-01T14:40:26","guid":{"rendered":"https:\/\/cczuric.cat\/castellers-de-zurich\/"},"modified":"2026-04-15T19:01:29","modified_gmt":"2026-04-15T17:01:29","slug":"castellers-de-zurich","status":"publish","type":"page","link":"https:\/\/cczuric.cat\/en\/castellers-de-zurich\/","title":{"rendered":"Castellers de Z\u00fcrich"},"content":{"rendered":"\n<div style=\"height:38px\" aria-hidden=\"true\" class=\"wp-block-spacer\"><\/div>\n\n\n<style>html[dir=\"rtl\"] .wpml-language-switcher-block .wpml-ls-dropdown ul li.wp-block-navigation-submenu .wp-block-navigation-submenu__toggle img{margin-left:12px}html[dir=\"rtl\"] .wpml-language-switcher-block .wpml-ls-dropdown ul li.wp-block-navigation-submenu ul.isHorizontal li{text-align:right}html[dir=\"rtl\"] .wpml-language-switcher-block .wpml-ls-dropdown ul li.wp-block-navigation-submenu ul.isHorizontal li a img{margin-left:12px}.wpml-language-switcher-block{display:flex;box-sizing:border-box;width:100% !important}.wpml-language-switcher-block>.wp-block-navigation-item,.wpml-language-switcher-block>.wp-block-navigation-item>div{display:flex;width:100% !important}.wpml-language-switcher-block .wp-block-navigation__container{background:unset !important}.wpml-language-switcher-block .hide-arrow .wp-block-navigation__submenu-icon{display:none}.wpml-language-switcher-block .wpml-ls-dropdown .wp-block-navigation-submenu__toggle.wpml-ls-keyboard-focus ~ .wp-block-navigation__submenu-container,.wpml-language-switcher-block .wpml-ls-dropdown li.open-on-hover-click .wp-block-navigation-submenu__toggle:focus ~ .wp-block-navigation__submenu-container,.wpml-language-switcher-block .wpml-ls-dropdown li.open-on-hover-click .wp-block-navigation-submenu__toggle:focus-within ~ .wp-block-navigation__submenu-container,.wpml-language-switcher-block .wpml-ls-dropdown li.open-on-hover-click:focus-within>.wp-block-navigation__submenu-container{visibility:visible;opacity:1;display:block;overflow:visible}.wpml-language-switcher-block .wpml-ls-dropdown ul li button{padding:0}.wpml-language-switcher-block .wpml-ls-dropdown ul li button+.isHorizontal{min-width:inherit !important}.wpml-language-switcher-block .wpml-ls-dropdown ul li button+.isHorizontal li{width:inherit !important}.wpml-language-switcher-block .wpml-ls-dropdown ul li button+.isHorizontal li a{display:flex;align-items:center;min-width:max-content}.wpml-language-switcher-block .wpml-ls-dropdown ul li.wp-block-navigation-submenu ul.isHorizontal{margin:0;min-width:inherit !important}.wpml-language-switcher-block .wpml-ls-dropdown ul li.wp-block-navigation-submenu ul.isHorizontal li{width:inherit !important;text-align:left}.wpml-language-switcher-block .wpml-ls-dropdown ul li.wp-block-navigation-submenu ul.isHorizontal li a{display:flex;align-items:center;min-width:max-content}.wpml-language-switcher-block ul{list-style-type:none !important;padding:0 !important;width:100%}.wpml-language-switcher-block ul li{margin:0}.wpml-language-switcher-block ul li>a.wp-block-navigation-item__content:focus{outline:1px solid #2F7D92}.wpml-language-switcher-block ul li.is-focused{outline:1px solid #2F7D92}.wpml-language-switcher-block ul.wp-block-navigation__submenu-container{border:inherit !important;background-color:unset !important;min-width:unset !important}.wpml-language-switcher-block ul.wp-block-navigation__submenu-container .wp-block-navigation-item{border-radius:0 !important}.wpml-language-switcher-block ul.wp-block-navigation__submenu-container .wp-block-navigation-item a{display:flex;align-items:center;min-width:max-content;padding:1px}.wpml-language-switcher-block ul.horizontal-list{display:flex;flex-direction:row;align-items:center;justify-content:flex-start;margin:0 !important;gap:1em !important}.wpml-language-switcher-block ul.horizontal-list li{display:inline-block;margin:0;line-height:100%}.wpml-language-switcher-block ul.horizontal-list li a{line-height:100%}.wpml-language-switcher-block ul.center-justify{justify-content:center}.wpml-language-switcher-block ul.center-justify .wp-block-navigation-item{justify-content:center}.wpml-language-switcher-block ul.right-justify{justify-content:right}.wpml-language-switcher-block ul.right-justify .wp-block-navigation-item{justify-content:right}.wpml-language-switcher-block ul.space_between-justify{justify-content:space-between}.wpml-language-switcher-block ul.space_between-justify li>div{white-space:nowrap}.wpml-language-switcher-block .hasHoverColor:hover{color:var(--hover-color) !important}.wpml-language-switcher-block .hasHoverBackgroundColor:hover{background-color:var(--hover-background-color) !important}.wpml-language-switcher-block ul.isHorizontal{padding-left:0;list-style:none}.wpml-language-switcher-block ul.isHorizontal li{display:inline;margin-left:0}.wpml-language-switcher-block ul.isHorizontal li div{display:inline-block}.wpml-language-switcher-block ul.hasSpacing.isHorizontal li:not(:last-child){margin-right:var(--language-spacing) !important}.wpml-language-switcher-block ul.hasSpacing.isVertical li:not(:last-child){margin-bottom:var(--language-spacing) !important}.wpml-language-switcher-block ul.hasSpacing.isVertical .wp-block-navigation-item>div,.wpml-language-switcher-block ul.hasSpacing.isVertical .wp-block-navigation-item>div>a{display:inline-flex;align-items:center}.wpml-language-switcher-block .hasHoverColor:hover{color:var(--hover-color) !important}.wpml-language-switcher-block .hasHoverBackgroundColor:hover{background-color:var(--hover-background-color) !important}.wpml-language-switcher-block .hasFontSize{font-size:var(--font-size) !important}.wpml-language-switcher-block .hasLetterSpacing{letter-spacing:var(--letter-spacing) !important}.wpml-language-switcher-block .hasTextTransform{text-transform:var(--text-transform) !important}.wpml-language-switcher-block .hasFontFamily{font-family:var(--font-family) !important}.wpml-ls-flag{display:inline-block}.wpml-ls-flag-style-btn{border:0px transparent;padding-top:3px !important}.wpml-ls-flag-style-btn.black-bg{background-color:black}.wpml-ls-flag-style-btn.transparent-bg{background-color:transparent}.wpml-ls-control-row{border:solid 1px #949494;border-radius:2px;margin-bottom:8px}.wpml-ls-control-row-with-padding{padding:1px}.wpml-ls-number-control{max-width:100%;width:100%}.wpml-ls-slider-control-alert{margin-top:5px !important}.wpml-ls-slider .ant-slider-track{background-color:#3858E9}.wpml-ls-slider .ant-slider-handle{border:solid 1px black}.wpml-ls-control-blue{color:#2F7D92}.wpml-ls-number-with-unit-select select{color:#2F7D92;font-weight:700}.wpml-ls-control-grey{color:#757575}.wpml-ls-control-bg-grey{background-color:#a6a6a6}.wpml-ls-control-font{font-family:\"SF Pro Text\", sans-serif;font-style:normal;font-weight:400 !important;font-size:13px !important;line-height:140% !important}.wpml-ls-option-btn-col{padding:0.5px}.wpml-ls-no-borders{border:none}.ant-col-8.wpml-ls-option-btn-col{display:inline-flex}.wpml-ls-three-btn-row .wpml-ls-option-btn-wrap{padding-top:8px;padding-bottom:8px;white-space:normal;word-break:break-word}.wpml-ls-three-btn-row .ant-btn-no-height-less-padding{height:unset;padding-right:10px;padding-left:10px}.wpml-ls-full-width{width:100%}.wpml-ls-toggle-control .components-form-toggle.is-checked>.components-form-toggle__track{background-color:#2F7D92;border-color:#2F7D92}.wpml-ls-toggle-control .components-form-toggle.is-checked>.components-form-toggle__thumb{background-color:white}.wpml-ls-toggle-control .components-form-toggle>.components-form-toggle__track{background-color:white;border-color:#373737}.wpml-ls-toggle-control .components-form-toggle>.components-form-toggle__thumb{background-color:#373737}.ant-select-dropdown{min-width:45px !important;max-width:45px !important;width:45px !important}.wpml-ls-color-control{border:1px solid #DDDDDD;border-bottom:0px;padding:10px;box-sizing:border-box}.wpml-ls-color-control.wpml-ls-with-bottom-border{border-bottom:1px solid #DDDDDD}.wpml-ls-color-control .wpml-ls-icon-no-color:hover{cursor:pointer}.wpml-ls-color-control .component-color-indicator{width:25px;height:25px;box-shadow:0px 0px 2px 1px lightgrey}.wpml-ls-color-control .component-color-indicator:hover{cursor:pointer}.wpml-ls-color-control .wpml-ls-color-title{top:3px}.wpml-ls-dimension-control{border-top:solid 1px #e0e0e0}.wpml-ls-dimension-control .components-panel__arrow{visibility:hidden}.wpml-ls-panel-settings-dropdown-container{position:absolute;right:0px}.wpml-ls-icon-link{width:24px;height:24px;top:3px;border-radius:2px}.ant-input-number-handler-wrap{display:none !important}.ant-input-number-input{padding-right:0px !important;padding-left:3px !important}.block-editor-contrast-checker+.block-editor-contrast-checker{display:none}.current-language-item{display:flex;align-items:center;min-height:30px}.current-language-item .wp-block-navigation-item__content>div{display:flex;align-items:center}.wpml-ls-fontLetterCase-control button.components-button.has-icon{margin-right:0 !important;min-width:30px !important;height:30px !important}.wpml-ls-fontLetterSpacing-control div.components-input-control__container{top:4px}[data-wpml='language-item']:first-of-type{margin-top:5px !important}.wpml-ls-dimension-panel .components-panel__arrow{display:none}.wpml-ls-typography-panel .components-panel__arrow{display:none}.wpml-ls-panel-settings-dropdown-container>div>button>span.anticon-more{font-size:large;margin-right:10px}.wpml-ls-panel-settings-dropdown-container>div>button>span.anticon-plus{font-size:medium;margin-right:10px}.wpml-ls-color-panel .wpml-ls-color-panel-wrap button.components-button:focus{outline:2px solid #2F7D92;color:#2F7D92}.wpml-ls-color-panel .wpml-ls-color-panel-wrap button.components-button:hover{color:#2F7D92 !important}.wpml-ls-option-btn-wrap:focus{outline:4px solid #2F7D92}.wpml-ls-option-btn-wrap:hover:not(.wpml-ls-option-btn-wrap[data-selected=\"true\"]){outline:2px solid #2F7D92;color:#2F7D92 !important}.wpml-ls-toggle-control .components-toggle-control__label:hover{color:#2F7D92}.components-input-control__container:hover .components-input-control__backdrop{border-color:#2F7D92 !important}input.components-input-control__input:focus ~ .components-input-control__backdrop{outline:2px solid #2F7D92 !important}.components-toggle-group-control[role=\"radiogroup\"]:hover{border-color:#2F7D92}.components-toggle-group-control[role=\"radiogroup\"] .components-toggle-group-control-option-base[role=\"radio\"]:hover{color:#2F7D92}.components-toggle-group-control[role=\"radiogroup\"] .components-toggle-group-control-option-base[role=\"radio\"]:focus{color:#2F7D92;outline:2px solid #2F7D92}.ant-slider .ant-slider-handle:not(.ant-tooltip-open){background-color:#2F7D92 !important;border-color:#373737}.ant-slider:hover .ant-slider-handle:not(.ant-tooltip-open),.ant-slider .ant-slider-handle:focus{background-color:#373737 !important;border-color:#2F7D92}.wpml-ls-typography-panel .components-panel__body .ant-col{margin-bottom:12px}.wpml-ls-fontSize-control div[aria-label=\"Font size\"]{margin-bottom:12px}.wpml-ls-fontSize-control .wpml-ls-fontLetterSpacing-control{display:grid;place-items:center;align-self:center}\n\n<\/style>\n\n\n<div style=\"height:25px\" aria-hidden=\"true\" class=\"wp-block-spacer\"><\/div>\n\n\n<h2 style=\"padding-top:0;padding-bottom:0;\" class=\"wp-block-post-title\">Castellers de Z\u00fcrich<\/h2>\n\n\n<div id=\"wp-block-themeisle-blocks-advanced-columns-2d0e8100\" class=\"wp-block-themeisle-blocks-advanced-columns has-2-columns has-desktop-equal-layout has-tablet-equal-layout has-mobile-collapsedRows-layout has-vertical-unset\"><div class=\"wp-block-themeisle-blocks-advanced-columns-overlay\"><\/div><div class=\"innerblocks-wrap\">\n<div id=\"wp-block-themeisle-blocks-advanced-column-380154ab\" class=\"wp-block-themeisle-blocks-advanced-column\"><div class=\"wp-block-image is-style-rounded\">\n<figure class=\"aligncenter size-medium is-resized\"><img loading=\"lazy\" decoding=\"async\" width=\"300\" height=\"300\" src=\"https:\/\/cczuric.cat\/wp-content\/uploads\/2024\/07\/Escut-CdZ-Lila-amb-lletra-Quadrat-Mitja-2-300x300.png\" alt=\"\" class=\"wp-image-1471\" style=\"object-fit:cover;width:254px;height:auto\" srcset=\"https:\/\/cczuric.cat\/wp-content\/uploads\/2024\/07\/Escut-CdZ-Lila-amb-lletra-Quadrat-Mitja-2-300x300.png 300w, https:\/\/cczuric.cat\/wp-content\/uploads\/2024\/07\/Escut-CdZ-Lila-amb-lletra-Quadrat-Mitja-2-1024x1024.png 1024w, https:\/\/cczuric.cat\/wp-content\/uploads\/2024\/07\/Escut-CdZ-Lila-amb-lletra-Quadrat-Mitja-2-150x150.png 150w, https:\/\/cczuric.cat\/wp-content\/uploads\/2024\/07\/Escut-CdZ-Lila-amb-lletra-Quadrat-Mitja-2-768x768.png 768w, https:\/\/cczuric.cat\/wp-content\/uploads\/2024\/07\/Escut-CdZ-Lila-amb-lletra-Quadrat-Mitja-2-50x50.png 50w, https:\/\/cczuric.cat\/wp-content\/uploads\/2024\/07\/Escut-CdZ-Lila-amb-lletra-Quadrat-Mitja-2-1600x1600.png 1600w\" sizes=\"auto, (max-width: 300px) 100vw, 300px\" \/><\/figure>\n<\/div>\n\n\n<div style=\"height:24px\" aria-hidden=\"true\" class=\"wp-block-spacer\"><\/div>\n<\/div>\n\n\n\n<div id=\"wp-block-themeisle-blocks-advanced-column-54ffe207\" class=\"wp-block-themeisle-blocks-advanced-column\">\n<div class=\"wp-block-group\" style=\"border-left-width:2px;padding-left:20px\"><div class=\"wp-block-group__inner-container is-layout-constrained wp-container-core-group-is-layout-3eaccff0 wp-block-group-is-layout-constrained\">\n<p><strong>Castells<\/strong> [k\u0259s\u02c8te\u028es] (Catalan for \u2018castles\u2019) are human pyramids (human towers) that are traditionally erected at numerous festivals in Catalonia.<\/p>\n\n\n\n<p>The participants, called \u2018castellers\u2019, climb onto the shoulders of those below them until a certain height is reached. They are organized into groups called \u2018colles castelleres\u2019. Since 2010, castles have been &nbsp;<a href=\"https:\/\/en.wikipedia.org\/wiki\/Intangible_cultural_heritage\">Intangible Cultural Heritage of Humanity<\/a> by&nbsp;<a href=\"https:\/\/en.wikipedia.org\/wiki\/UNESCO\">UNESCO<\/a>.<\/p>\n\n\n\n<p>More information on <a href=\"https:\/\/en.wikipedia.org\/wiki\/Castell\">Wikipedia<\/a>.<\/p>\n<\/div><\/div>\n<\/div>\n<\/div><\/div>\n\n\n\n<p>The colla castellera of Zurich (Castellers de Zurich) was founded in March 2024 with the goal of bringing this tradition to our city and enjoying it together. We want to form castells, but above all, we want to build a community of Catalans and their international friends to share our culture with others and celebrate it together. <\/p>\n\n\n\n<p>In our colla there\u2019s a place for everyone: regardless of age or physical condition, everyone is welcome to participate in castells. There are many ways to participate in this Catalan tradition \u2013 whether at the base of the tower supporting the structure (pinya), in the tower itself (tronc), playing instruments like gralles and tabals, taking photos\u2026 or helping us with the organization. Families and children are also welcome to join in!  <\/p>\n\n\n\n<p>The activity is free for members of the Casal Catal\u00e0 de Z\u00faric (Catalan Association of Zurich)*. Even if you are not, we invite you to come and try it for free and without any obligation, everyone is welcome! \ud83d\ude0a<\/p>\n\n\n\n<p>The trainings (assajos) take place every Friday from 18h to 20h at the <a href=\"https:\/\/maps.app.goo.gl\/1Uq6ARe1cXwDrRLh8\" target=\"_blank\" rel=\"noreferrer noopener\">Hirschengraben School<\/a> (Hirschengraben 46, 8001 Zurich). Located in the heart of the city, 10 minutes from Zurich HB. You can subscribe to the colla\u2019s <a href=\"https:\/\/drive.google.com\/file\/d\/1yP-9fsVb2v6lzqwYkMG-03qRojnYhBnF\/view?usp=sharing\">calendar<\/a> so you don\u2019t miss any events.  <\/p>\n\n\n\n<div class=\"wp-block-columns is-layout-flex wp-container-core-columns-is-layout-9d6595d7 wp-block-columns-is-layout-flex\">\n<div class=\"wp-block-column is-layout-flow wp-block-column-is-layout-flow\" style=\"flex-basis:100%\">\n<div class=\"wp-block-group is-content-justification-center is-nowrap is-layout-flex wp-container-core-group-is-layout-94bc23d7 wp-block-group-is-layout-flex\">\n<iframe loading=\"lazy\" src=\"https:\/\/calendar.google.com\/calendar\/embed?height=600&amp;wkst=2&amp;ctz=Europe%2FZurich&amp;showPrint=0&amp;hl=ca&amp;showTitle=0&amp;showCalendars=0&amp;showTz=0&amp;src=OWZmODZkZTllMDI2YTc3NTgzYTU4ZGZmZTJhNDkzMzhiYzRiM2U1MDAwYWUwZTc2YTQyZjI0NjZjYjg3NDk1NEBncm91cC5jYWxlbmRhci5nb29nbGUuY29t&amp;color=%23b39ddb\" style=\"border:solid 1px #777\" width=\"800\" height=\"600\" frameborder=\"0\" scrolling=\"no\"><\/iframe>\n<\/div>\n<\/div>\n<\/div>\n\n\n\n<p>To stay up to date, feel free to follow us on <a href=\"https:\/\/www.instagram.com\/castellersdezurich\/\">Instagram<\/a>. You can also reach us via email at <em>castellersdezurich (at) gmail.com<\/em>. We\u2019ll be happy to answer your questions. <\/p>\n\n\n\n<p>Don\u2019t hesitate to share it with your friends, family and acquaintances. As we say in Catalan: \u201ccom m\u00e9s serem, m\u00e9s riurem!\u201d (the more of us there are, the more we will laugh!) \ud83d\ude0a<\/p>\n\n\n\n<p>We look forward to seeing you soon! \ud83d\ude4c<\/p>\n\n\n\n<figure class=\"wp-block-gallery has-nested-images columns-default is-cropped wp-block-gallery-1 is-layout-flex wp-block-gallery-is-layout-flex\" style=\"border-style:none;border-width:0px;padding-top:0;padding-right:0;padding-bottom:0;padding-left:0\">\n<figure class=\"wp-block-image size-full\"><img loading=\"lazy\" decoding=\"async\" width=\"2560\" height=\"1920\" data-id=\"1351\" src=\"https:\/\/cczuric.cat\/wp-content\/uploads\/2024\/07\/castellers_de_zurich_sant_joan_2024-scaled.jpg\" alt=\"\" class=\"wp-image-1351\" srcset=\"https:\/\/cczuric.cat\/wp-content\/uploads\/2024\/07\/castellers_de_zurich_sant_joan_2024-scaled.jpg 2560w, https:\/\/cczuric.cat\/wp-content\/uploads\/2024\/07\/castellers_de_zurich_sant_joan_2024-300x225.jpg 300w, https:\/\/cczuric.cat\/wp-content\/uploads\/2024\/07\/castellers_de_zurich_sant_joan_2024-1024x768.jpg 1024w, https:\/\/cczuric.cat\/wp-content\/uploads\/2024\/07\/castellers_de_zurich_sant_joan_2024-768x576.jpg 768w, https:\/\/cczuric.cat\/wp-content\/uploads\/2024\/07\/castellers_de_zurich_sant_joan_2024-50x38.jpg 50w, https:\/\/cczuric.cat\/wp-content\/uploads\/2024\/07\/castellers_de_zurich_sant_joan_2024-1600x1200.jpg 1600w, https:\/\/cczuric.cat\/wp-content\/uploads\/2024\/07\/castellers_de_zurich_sant_joan_2024-1536x1152.jpg 1536w, https:\/\/cczuric.cat\/wp-content\/uploads\/2024\/07\/castellers_de_zurich_sant_joan_2024-2048x1536.jpg 2048w\" sizes=\"auto, (max-width: 2560px) 100vw, 2560px\" \/><figcaption class=\"wp-element-caption\">Sant Joan 2024<\/figcaption><\/figure>\n\n\n\n<figure class=\"wp-block-image size-full is-style-default\"><img loading=\"lazy\" decoding=\"async\" width=\"1920\" height=\"2560\" data-id=\"2826\" src=\"https:\/\/cczuric.cat\/wp-content\/uploads\/2025\/04\/4d6-Diada-de-Bateig-scaled.jpg\" alt=\"\" class=\"wp-image-2826\" srcset=\"https:\/\/cczuric.cat\/wp-content\/uploads\/2025\/04\/4d6-Diada-de-Bateig-scaled.jpg 1920w, https:\/\/cczuric.cat\/wp-content\/uploads\/2025\/04\/4d6-Diada-de-Bateig-225x300.jpg 225w, https:\/\/cczuric.cat\/wp-content\/uploads\/2025\/04\/4d6-Diada-de-Bateig-768x1024.jpg 768w, https:\/\/cczuric.cat\/wp-content\/uploads\/2025\/04\/4d6-Diada-de-Bateig-50x67.jpg 50w, https:\/\/cczuric.cat\/wp-content\/uploads\/2025\/04\/4d6-Diada-de-Bateig-1600x2133.jpg 1600w, https:\/\/cczuric.cat\/wp-content\/uploads\/2025\/04\/4d6-Diada-de-Bateig-1152x1536.jpg 1152w, https:\/\/cczuric.cat\/wp-content\/uploads\/2025\/04\/4d6-Diada-de-Bateig-1536x2048.jpg 1536w\" sizes=\"auto, (max-width: 1920px) 100vw, 1920px\" \/><figcaption class=\"wp-element-caption\">4d6 in the Diada de Bateig (team&#8217;s &#8220;Baptism&#8221; Day)<\/figcaption><\/figure>\n\n\n\n<figure class=\"wp-block-image size-full\"><img loading=\"lazy\" decoding=\"async\" width=\"2016\" height=\"1134\" data-id=\"2828\" src=\"https:\/\/cczuric.cat\/wp-content\/uploads\/2025\/04\/3d6-Diada-de-Bateig.jpg\" alt=\"\" class=\"wp-image-2828\" srcset=\"https:\/\/cczuric.cat\/wp-content\/uploads\/2025\/04\/3d6-Diada-de-Bateig.jpg 2016w, https:\/\/cczuric.cat\/wp-content\/uploads\/2025\/04\/3d6-Diada-de-Bateig-300x169.jpg 300w, https:\/\/cczuric.cat\/wp-content\/uploads\/2025\/04\/3d6-Diada-de-Bateig-1024x576.jpg 1024w, https:\/\/cczuric.cat\/wp-content\/uploads\/2025\/04\/3d6-Diada-de-Bateig-768x432.jpg 768w, https:\/\/cczuric.cat\/wp-content\/uploads\/2025\/04\/3d6-Diada-de-Bateig-50x28.jpg 50w, https:\/\/cczuric.cat\/wp-content\/uploads\/2025\/04\/3d6-Diada-de-Bateig-1600x900.jpg 1600w, https:\/\/cczuric.cat\/wp-content\/uploads\/2025\/04\/3d6-Diada-de-Bateig-1536x864.jpg 1536w\" sizes=\"auto, (max-width: 2016px) 100vw, 2016px\" \/><figcaption class=\"wp-element-caption\">3d6 in the Diada de Bateig<\/figcaption><\/figure>\n\n\n\n<figure class=\"wp-block-image size-full\"><img loading=\"lazy\" decoding=\"async\" width=\"1512\" height=\"2016\" data-id=\"4201\" src=\"https:\/\/cczuric.cat\/wp-content\/uploads\/2025\/11\/IMG-20250503-WA0032.jpg\" alt=\"\" class=\"wp-image-4201\" srcset=\"https:\/\/cczuric.cat\/wp-content\/uploads\/2025\/11\/IMG-20250503-WA0032.jpg 1512w, https:\/\/cczuric.cat\/wp-content\/uploads\/2025\/11\/IMG-20250503-WA0032-225x300.jpg 225w, https:\/\/cczuric.cat\/wp-content\/uploads\/2025\/11\/IMG-20250503-WA0032-768x1024.jpg 768w, https:\/\/cczuric.cat\/wp-content\/uploads\/2025\/11\/IMG-20250503-WA0032-50x67.jpg 50w, https:\/\/cczuric.cat\/wp-content\/uploads\/2025\/11\/IMG-20250503-WA0032-1152x1536.jpg 1152w\" sizes=\"auto, (max-width: 1512px) 100vw, 1512px\" \/><figcaption class=\"wp-element-caption\">4d6 in the International Diada Castellera in Berlin<\/figcaption><\/figure>\n\n\n\n<figure class=\"wp-block-image size-full\"><img loading=\"lazy\" decoding=\"async\" width=\"1920\" height=\"1280\" data-id=\"4204\" src=\"https:\/\/cczuric.cat\/wp-content\/uploads\/2025\/11\/IMG-20250508-WA0020.jpg\" alt=\"\" class=\"wp-image-4204\" srcset=\"https:\/\/cczuric.cat\/wp-content\/uploads\/2025\/11\/IMG-20250508-WA0020.jpg 1920w, https:\/\/cczuric.cat\/wp-content\/uploads\/2025\/11\/IMG-20250508-WA0020-300x200.jpg 300w, https:\/\/cczuric.cat\/wp-content\/uploads\/2025\/11\/IMG-20250508-WA0020-1024x683.jpg 1024w, https:\/\/cczuric.cat\/wp-content\/uploads\/2025\/11\/IMG-20250508-WA0020-768x512.jpg 768w, https:\/\/cczuric.cat\/wp-content\/uploads\/2025\/11\/IMG-20250508-WA0020-50x33.jpg 50w, https:\/\/cczuric.cat\/wp-content\/uploads\/2025\/11\/IMG-20250508-WA0020-1600x1067.jpg 1600w, https:\/\/cczuric.cat\/wp-content\/uploads\/2025\/11\/IMG-20250508-WA0020-1536x1024.jpg 1536w, https:\/\/cczuric.cat\/wp-content\/uploads\/2025\/11\/IMG-20250508-WA0020-930x620.jpg 930w\" sizes=\"auto, (max-width: 1920px) 100vw, 1920px\" \/><figcaption class=\"wp-element-caption\">4d6a in the International Diada Castellera in Berlin<\/figcaption><\/figure>\n\n\n\n<figure class=\"wp-block-image size-full\"><img loading=\"lazy\" decoding=\"async\" width=\"943\" height=\"1600\" data-id=\"4198\" src=\"https:\/\/cczuric.cat\/wp-content\/uploads\/2025\/11\/IMG-20250614-WA0023.jpg\" alt=\"\" class=\"wp-image-4198\" srcset=\"https:\/\/cczuric.cat\/wp-content\/uploads\/2025\/11\/IMG-20250614-WA0023.jpg 943w, https:\/\/cczuric.cat\/wp-content\/uploads\/2025\/11\/IMG-20250614-WA0023-177x300.jpg 177w, https:\/\/cczuric.cat\/wp-content\/uploads\/2025\/11\/IMG-20250614-WA0023-604x1024.jpg 604w, https:\/\/cczuric.cat\/wp-content\/uploads\/2025\/11\/IMG-20250614-WA0023-768x1303.jpg 768w, https:\/\/cczuric.cat\/wp-content\/uploads\/2025\/11\/IMG-20250614-WA0023-50x85.jpg 50w, https:\/\/cczuric.cat\/wp-content\/uploads\/2025\/11\/IMG-20250614-WA0023-905x1536.jpg 905w\" sizes=\"auto, (max-width: 943px) 100vw, 943px\" \/><figcaption class=\"wp-element-caption\">Training in our summer camp<\/figcaption><\/figure>\n\n\n\n<figure class=\"wp-block-image size-full\"><img loading=\"lazy\" decoding=\"async\" width=\"1134\" height=\"2016\" data-id=\"4207\" src=\"https:\/\/cczuric.cat\/wp-content\/uploads\/2025\/11\/IMG-20250913-WA0039.jpg\" alt=\"\" class=\"wp-image-4207\" srcset=\"https:\/\/cczuric.cat\/wp-content\/uploads\/2025\/11\/IMG-20250913-WA0039.jpg 1134w, https:\/\/cczuric.cat\/wp-content\/uploads\/2025\/11\/IMG-20250913-WA0039-169x300.jpg 169w, https:\/\/cczuric.cat\/wp-content\/uploads\/2025\/11\/IMG-20250913-WA0039-576x1024.jpg 576w, https:\/\/cczuric.cat\/wp-content\/uploads\/2025\/11\/IMG-20250913-WA0039-768x1365.jpg 768w, https:\/\/cczuric.cat\/wp-content\/uploads\/2025\/11\/IMG-20250913-WA0039-50x89.jpg 50w, https:\/\/cczuric.cat\/wp-content\/uploads\/2025\/11\/IMG-20250913-WA0039-864x1536.jpg 864w\" sizes=\"auto, (max-width: 1134px) 100vw, 1134px\" \/><figcaption class=\"wp-element-caption\">3d6 amb acotxaneta in a performance in Basel <\/figcaption><\/figure>\n\n\n\n<figure class=\"wp-block-image size-full\"><img loading=\"lazy\" decoding=\"async\" width=\"2560\" height=\"1916\" data-id=\"4248\" src=\"https:\/\/cczuric.cat\/wp-content\/uploads\/2025\/11\/IMG_20250503_124337_medium-scaled.jpg\" alt=\"\" class=\"wp-image-4248\" srcset=\"https:\/\/cczuric.cat\/wp-content\/uploads\/2025\/11\/IMG_20250503_124337_medium-scaled.jpg 2560w, https:\/\/cczuric.cat\/wp-content\/uploads\/2025\/11\/IMG_20250503_124337_medium-300x224.jpg 300w\" sizes=\"auto, (max-width: 2560px) 100vw, 2560px\" \/><\/figure>\n\n\n\n<figure class=\"wp-block-image size-full\"><img loading=\"lazy\" decoding=\"async\" width=\"1707\" height=\"2560\" data-id=\"4224\" src=\"https:\/\/cczuric.cat\/wp-content\/uploads\/2025\/11\/OTO_Grindstone2025-118-small-scaled.jpg\" alt=\"\" class=\"wp-image-4224\" srcset=\"https:\/\/cczuric.cat\/wp-content\/uploads\/2025\/11\/OTO_Grindstone2025-118-small-scaled.jpg 1707w, https:\/\/cczuric.cat\/wp-content\/uploads\/2025\/11\/OTO_Grindstone2025-118-small-200x300.jpg 200w, https:\/\/cczuric.cat\/wp-content\/uploads\/2025\/11\/OTO_Grindstone2025-118-small-683x1024.jpg 683w, https:\/\/cczuric.cat\/wp-content\/uploads\/2025\/11\/OTO_Grindstone2025-118-small-768x1152.jpg 768w, https:\/\/cczuric.cat\/wp-content\/uploads\/2025\/11\/OTO_Grindstone2025-118-small-50x75.jpg 50w, https:\/\/cczuric.cat\/wp-content\/uploads\/2025\/11\/OTO_Grindstone2025-118-small-1600x2400.jpg 1600w\" sizes=\"auto, (max-width: 1707px) 100vw, 1707px\" \/><figcaption class=\"wp-element-caption\">Performance at the Grindstone Festival<\/figcaption><\/figure>\n<\/figure>\n\n\n\n<ul class=\"wp-block-social-links has-visible-labels is-content-justification-center is-layout-flex wp-container-core-social-links-is-layout-16018d1d wp-block-social-links-is-layout-flex\"><li class=\"wp-social-link wp-social-link-instagram  wp-block-social-link\"><a href=\"https:\/\/www.instagram.com\/castellersdezurich\" class=\"wp-block-social-link-anchor\"><svg width=\"24\" height=\"24\" viewBox=\"0 0 24 24\" version=\"1.1\" xmlns=\"http:\/\/www.w3.org\/2000\/svg\" aria-hidden=\"true\" focusable=\"false\"><path d=\"M12,4.622c2.403,0,2.688,0.009,3.637,0.052c0.877,0.04,1.354,0.187,1.671,0.31c0.42,0.163,0.72,0.358,1.035,0.673 c0.315,0.315,0.51,0.615,0.673,1.035c0.123,0.317,0.27,0.794,0.31,1.671c0.043,0.949,0.052,1.234,0.052,3.637 s-0.009,2.688-0.052,3.637c-0.04,0.877-0.187,1.354-0.31,1.671c-0.163,0.42-0.358,0.72-0.673,1.035 c-0.315,0.315-0.615,0.51-1.035,0.673c-0.317,0.123-0.794,0.27-1.671,0.31c-0.949,0.043-1.233,0.052-3.637,0.052 s-2.688-0.009-3.637-0.052c-0.877-0.04-1.354-0.187-1.671-0.31c-0.42-0.163-0.72-0.358-1.035-0.673 c-0.315-0.315-0.51-0.615-0.673-1.035c-0.123-0.317-0.27-0.794-0.31-1.671C4.631,14.688,4.622,14.403,4.622,12 s0.009-2.688,0.052-3.637c0.04-0.877,0.187-1.354,0.31-1.671c0.163-0.42,0.358-0.72,0.673-1.035 c0.315-0.315,0.615-0.51,1.035-0.673c0.317-0.123,0.794-0.27,1.671-0.31C9.312,4.631,9.597,4.622,12,4.622 M12,3 C9.556,3,9.249,3.01,8.289,3.054C7.331,3.098,6.677,3.25,6.105,3.472C5.513,3.702,5.011,4.01,4.511,4.511 c-0.5,0.5-0.808,1.002-1.038,1.594C3.25,6.677,3.098,7.331,3.054,8.289C3.01,9.249,3,9.556,3,12c0,2.444,0.01,2.751,0.054,3.711 c0.044,0.958,0.196,1.612,0.418,2.185c0.23,0.592,0.538,1.094,1.038,1.594c0.5,0.5,1.002,0.808,1.594,1.038 c0.572,0.222,1.227,0.375,2.185,0.418C9.249,20.99,9.556,21,12,21s2.751-0.01,3.711-0.054c0.958-0.044,1.612-0.196,2.185-0.418 c0.592-0.23,1.094-0.538,1.594-1.038c0.5-0.5,0.808-1.002,1.038-1.594c0.222-0.572,0.375-1.227,0.418-2.185 C20.99,14.751,21,14.444,21,12s-0.01-2.751-0.054-3.711c-0.044-0.958-0.196-1.612-0.418-2.185c-0.23-0.592-0.538-1.094-1.038-1.594 c-0.5-0.5-1.002-0.808-1.594-1.038c-0.572-0.222-1.227-0.375-2.185-0.418C14.751,3.01,14.444,3,12,3L12,3z M12,7.378 c-2.552,0-4.622,2.069-4.622,4.622S9.448,16.622,12,16.622s4.622-2.069,4.622-4.622S14.552,7.378,12,7.378z M12,15 c-1.657,0-3-1.343-3-3s1.343-3,3-3s3,1.343,3,3S13.657,15,12,15z M16.804,6.116c-0.596,0-1.08,0.484-1.08,1.08 s0.484,1.08,1.08,1.08c0.596,0,1.08-0.484,1.08-1.08S17.401,6.116,16.804,6.116z\"><\/path><\/svg><span class=\"wp-block-social-link-label\">Castellers de Z\u00fcrich<\/span><\/a><\/li><\/ul>\n\n\n\n<div style=\"height:36px\" aria-hidden=\"true\" class=\"wp-block-spacer\"><\/div>\n\n\n\n<p>The current management and technical teams are as follows:<\/p>\n\n\n\n<div class=\"wp-block-columns is-layout-flex wp-container-core-columns-is-layout-ed5226f6 wp-block-columns-is-layout-flex\" style=\"padding-right:0;padding-left:0\">\n<div class=\"wp-block-column is-vertically-aligned-top is-layout-flow wp-block-column-is-layout-flow\" style=\"border-style:none;border-width:0px;padding-top:0;padding-right:0;padding-bottom:0;padding-left:0\">\n<p style=\"font-size:25px\"><strong><span style=\"text-decoration: underline;\">Junta Directiva (Board)<\/span><\/strong><\/p>\n\n\n\n<p><strong>Presidency<\/strong><br>Jordi Cluet i Martinell<\/p>\n\n\n\n<p><strong>Secretary<\/strong><br>Carla Naud\u00f3 Ribas<\/p>\n\n\n\n<p><strong>Treasury<\/strong><br>Xavier Garcia Tormo<\/p>\n\n\n\n<p><strong>Infrastructure and Swiss relations<\/strong><br>Simone Allemann<br><br><strong>Communication and design<\/strong><br>Mar\u00eda Ripoll Vives<\/p>\n\n\n\n<p><strong>Events commission<\/strong><br>Anna Diaz<br>Anna Orteu<br>Maria Domingo<br>Mireia Cano<br>Yaiza Aragon\u00e9s<\/p>\n\n\n\n<p><strong>Welcoming and recruitment commission<\/strong><br><span style=\"text-decoration: underline;\">Nat\u00e0lia Badia<\/span><br>Agnese Sacchi<br>Dani Falc\u00f3n<br>Jacky Tam<br>Miquel Ramon<br>Roger Campanera<br>Tamara Pinco<br>Tonet Armengol<br>Xavier Garcia<\/p>\n\n\n\n<p><strong>Health and safety commission<\/strong><br><span style=\"text-decoration: underline;\">Xavier Garcia Tormo<\/span><br>Anna Estrada Brull<\/p>\n\n\n\n<p><strong>Equality commission<\/strong><br><span style=\"text-decoration: underline;\">Gemma De Ramon Franc\u00e0s<\/span><br>Laura Espinosa Molina<br>Xavier Garcia Tormo<\/p>\n<\/div>\n\n\n\n<div class=\"wp-block-column is-vertically-aligned-top is-layout-flow wp-block-column-is-layout-flow\">\n<p style=\"font-size:25px\"><strong><span style=\"text-decoration: underline;\">Comissi\u00f3 T\u00e8cnica (Technical team)<\/span><\/strong><\/p>\n\n\n\n<p><strong>Cap de colla (Technical chief)<\/strong><br>Joana Maria Peralta Ferrer<\/p>\n\n\n\n<p><strong>Pinyes (bases)<\/strong><br><span style=\"text-decoration: underline;\">Gemma De Ramon Franc\u00e0s<\/span> (head of pinyes)<br>Alex Dautel<br>Anna Bassach<br>Jordi Cluet i Martinell<br>Laura Illa Cam\u00f3s<br>Xavier Garcia Tormo<\/p>\n\n\n\n<p><strong>Troncs i Canalla (Towers and children)<\/strong><br><span style=\"text-decoration: underline;\">Anna Estrada Brull<\/span> (head of canalla)<br>Carla Naud\u00f3 Ribas<br>Laura Espinosa Molina<br><br><span style=\"text-decoration: underline;\">Joana Maria Peralta Ferrer<\/span> (head of troncs)<br>Laia Tort Solsona<br>Luna Bloin-Wibe<br>Tim Steiger<\/p>\n\n\n\n<p><strong>Head of musicians<\/strong><br>Roger Bordoy Molina<\/p>\n<\/div>\n<\/div>\n\n\n\n<p class=\"has-text-align-center\">And you, are you interested? Contact us! \ud83d\ude0a<\/p>\n\n\n\n<hr class=\"wp-block-separator has-alpha-channel-opacity\">\n\n\n\n<p><strong><span style=\"text-decoration: underline;\">Musicians<\/span><\/strong><br>In the group we also have another essential piece: the <strong>group of musicians<\/strong> (grallers and tabalers) who accompany our castells and dances. Rehearsals are every Friday from 18:45h to 19:45h at <a href=\"https:\/\/maps.app.goo.gl\/Dwu4xT2ypU2R39cLA\">Seilergraben 53, 8001 Z\u00fcrich<\/a>. Write us an email if you want to participate. We look forward to seeing you there!   <\/p>\n\n\n\n<hr class=\"wp-block-separator has-alpha-channel-opacity\">\n\n\n\n<p><em>*All regular members of the colla must be members of Casal Catal\u00e0 de Z\u00faric, with any of the current dues in good standing. A member is considered regular if they attend more than 3 rehearsals in a 6-month period. <\/em><\/p>\n","protected":false},"excerpt":{"rendered":"<p>The colla castellera of Zurich (Castellers de Zurich) was founded in March 2024 with the goal of bringing this tradition to our city and enjoying it together. We want to&hellip;&nbsp;<a href=\"https:\/\/cczuric.cat\/en\/castellers-de-zurich\/\" rel=\"bookmark\">Read More &raquo;<span class=\"screen-reader-text\">Castellers de Z\u00fcrich<\/span><\/a><\/p>\n","protected":false},"author":2,"featured_media":2945,"parent":0,"menu_order":0,"comment_status":"closed","ping_status":"closed","template":"","meta":{"neve_meta_sidebar":"","neve_meta_container":"","neve_meta_enable_content_width":"","neve_meta_content_width":0,"neve_meta_title_alignment":"","neve_meta_author_avatar":"","neve_post_elements_order":"","neve_meta_disable_header":"","neve_meta_disable_footer":"","neve_meta_disable_title":"on","neve_meta_reading_time":"","_price":"","_stock":"","_tribe_ticket_header":"","_tribe_default_ticket_provider":"","_tribe_ticket_capacity":"0","_ticket_start_date":"","_ticket_end_date":"","_tribe_ticket_show_description":"","_tribe_ticket_show_not_going":false,"_tribe_ticket_use_global_stock":"","_tribe_ticket_global_stock_level":"","_global_stock_mode":"","_global_stock_cap":"","_tribe_rsvp_for_event":"","_tribe_ticket_going_count":"","_tribe_ticket_not_going_count":"","_tribe_tickets_list":"[]","_tribe_ticket_has_attendee_info_fields":false,"_themeisle_gutenberg_block_has_review":false,"_ti_tpc_template_sync":false,"_ti_tpc_template_id":"","footnotes":""},"class_list":["post-2943","page","type-page","status-publish","has-post-thumbnail","hentry"],"yoast_head":"<!-- This site is optimized with the Yoast SEO plugin v27.4 - https:\/\/yoast.com\/product\/yoast-seo-wordpress\/ -->\n<title>Castellers de Z\u00fcrich - Casal Catal\u00e0 de Z\u00faric<\/title>\n<meta name=\"description\" content=\"Colla castellera de Z\u00faric\" \/>\n<meta name=\"robots\" content=\"index, follow, max-snippet:-1, max-image-preview:large, max-video-preview:-1\" \/>\n<link rel=\"canonical\" href=\"https:\/\/cczuric.cat\/en\/castellers-de-zurich\/\" \/>\n<meta property=\"og:locale\" content=\"en_US\" \/>\n<meta property=\"og:type\" content=\"article\" \/>\n<meta property=\"og:title\" content=\"Castellers de Z\u00fcrich - Casal Catal\u00e0 de Z\u00faric\" \/>\n<meta property=\"og:description\" content=\"Colla castellera de Z\u00faric\" \/>\n<meta property=\"og:url\" content=\"https:\/\/cczuric.cat\/en\/castellers-de-zurich\/\" \/>\n<meta property=\"og:site_name\" content=\"Casal Catal\u00e0 de Z\u00faric\" \/>\n<meta property=\"article:publisher\" content=\"https:\/\/www.facebook.com\/Casal.Catala.Zuric\" \/>\n<meta property=\"article:modified_time\" content=\"2026-04-15T17:01:29+00:00\" \/>\n<meta property=\"og:image\" content=\"https:\/\/cczuric.cat\/wp-content\/uploads\/2024\/07\/Escut-CdZ-Fons-mitjana.png\" \/>\n\t<meta property=\"og:image:width\" content=\"7352\" \/>\n\t<meta property=\"og:image:height\" content=\"7352\" \/>\n\t<meta property=\"og:image:type\" content=\"image\/png\" \/>\n<meta name=\"twitter:card\" content=\"summary_large_image\" \/>\n<meta name=\"twitter:site\" content=\"@CCZuric\" \/>\n<meta name=\"twitter:label1\" content=\"Est. reading time\" \/>\n\t<meta name=\"twitter:data1\" content=\"5 minutes\" \/>\n<script type=\"application\/ld+json\" class=\"yoast-schema-graph\">{\"@context\":\"https:\\\/\\\/schema.org\",\"@graph\":[{\"@type\":\"WebPage\",\"@id\":\"https:\\\/\\\/cczuric.cat\\\/en\\\/castellers-de-zurich\\\/\",\"url\":\"https:\\\/\\\/cczuric.cat\\\/en\\\/castellers-de-zurich\\\/\",\"name\":\"Castellers de Z\u00fcrich - Casal Catal\u00e0 de Z\u00faric\",\"isPartOf\":{\"@id\":\"https:\\\/\\\/cczuric.cat\\\/en\\\/#website\"},\"primaryImageOfPage\":{\"@id\":\"https:\\\/\\\/cczuric.cat\\\/en\\\/castellers-de-zurich\\\/#primaryimage\"},\"image\":{\"@id\":\"https:\\\/\\\/cczuric.cat\\\/en\\\/castellers-de-zurich\\\/#primaryimage\"},\"thumbnailUrl\":\"https:\\\/\\\/cczuric.cat\\\/wp-content\\\/uploads\\\/2024\\\/07\\\/Escut-CdZ-Fons-mitjana.png\",\"datePublished\":\"2024-04-01T14:40:26+00:00\",\"dateModified\":\"2026-04-15T17:01:29+00:00\",\"description\":\"Colla castellera de Z\u00faric\",\"inLanguage\":\"en-US\",\"potentialAction\":[{\"@type\":\"ReadAction\",\"target\":[\"https:\\\/\\\/cczuric.cat\\\/en\\\/castellers-de-zurich\\\/\"]}]},{\"@type\":\"ImageObject\",\"inLanguage\":\"en-US\",\"@id\":\"https:\\\/\\\/cczuric.cat\\\/en\\\/castellers-de-zurich\\\/#primaryimage\",\"url\":\"https:\\\/\\\/cczuric.cat\\\/wp-content\\\/uploads\\\/2024\\\/07\\\/Escut-CdZ-Fons-mitjana.png\",\"contentUrl\":\"https:\\\/\\\/cczuric.cat\\\/wp-content\\\/uploads\\\/2024\\\/07\\\/Escut-CdZ-Fons-mitjana.png\",\"width\":7352,\"height\":7352},{\"@type\":\"WebSite\",\"@id\":\"https:\\\/\\\/cczuric.cat\\\/en\\\/#website\",\"url\":\"https:\\\/\\\/cczuric.cat\\\/en\\\/\",\"name\":\"Casal Catal\u00e0 de Z\u00faric\",\"description\":\"\",\"publisher\":{\"@id\":\"https:\\\/\\\/cczuric.cat\\\/en\\\/#organization\"},\"alternateName\":\"CCZ\",\"potentialAction\":[{\"@type\":\"SearchAction\",\"target\":{\"@type\":\"EntryPoint\",\"urlTemplate\":\"https:\\\/\\\/cczuric.cat\\\/en\\\/?s={search_term_string}\"},\"query-input\":{\"@type\":\"PropertyValueSpecification\",\"valueRequired\":true,\"valueName\":\"search_term_string\"}}],\"inLanguage\":\"en-US\"},{\"@type\":\"Organization\",\"@id\":\"https:\\\/\\\/cczuric.cat\\\/en\\\/#organization\",\"name\":\"Casal Catal\u00e0 de Z\u00faric\",\"url\":\"https:\\\/\\\/cczuric.cat\\\/en\\\/\",\"logo\":{\"@type\":\"ImageObject\",\"inLanguage\":\"en-US\",\"@id\":\"https:\\\/\\\/cczuric.cat\\\/en\\\/#\\\/schema\\\/logo\\\/image\\\/\",\"url\":\"https:\\\/\\\/cczuric.cat\\\/wp-content\\\/uploads\\\/2025\\\/01\\\/logo-a-cczuric.png\",\"contentUrl\":\"https:\\\/\\\/cczuric.cat\\\/wp-content\\\/uploads\\\/2025\\\/01\\\/logo-a-cczuric.png\",\"width\":470,\"height\":495,\"caption\":\"Casal Catal\u00e0 de Z\u00faric\"},\"image\":{\"@id\":\"https:\\\/\\\/cczuric.cat\\\/en\\\/#\\\/schema\\\/logo\\\/image\\\/\"},\"sameAs\":[\"https:\\\/\\\/www.facebook.com\\\/Casal.Catala.Zuric\",\"https:\\\/\\\/x.com\\\/CCZuric\",\"https:\\\/\\\/www.instagram.com\\\/cczuric\\\/\"]}]}<\/script>\n<!-- \/ Yoast SEO plugin. -->","yoast_head_json":{"title":"Castellers de Z\u00fcrich - Casal Catal\u00e0 de Z\u00faric","description":"Colla castellera de Z\u00faric","robots":{"index":"index","follow":"follow","max-snippet":"max-snippet:-1","max-image-preview":"max-image-preview:large","max-video-preview":"max-video-preview:-1"},"canonical":"https:\/\/cczuric.cat\/en\/castellers-de-zurich\/","og_locale":"en_US","og_type":"article","og_title":"Castellers de Z\u00fcrich - Casal Catal\u00e0 de Z\u00faric","og_description":"Colla castellera de Z\u00faric","og_url":"https:\/\/cczuric.cat\/en\/castellers-de-zurich\/","og_site_name":"Casal Catal\u00e0 de Z\u00faric","article_publisher":"https:\/\/www.facebook.com\/Casal.Catala.Zuric","article_modified_time":"2026-04-15T17:01:29+00:00","og_image":[{"width":7352,"height":7352,"url":"https:\/\/cczuric.cat\/wp-content\/uploads\/2024\/07\/Escut-CdZ-Fons-mitjana.png","type":"image\/png"}],"twitter_card":"summary_large_image","twitter_site":"@CCZuric","twitter_misc":{"Est. reading time":"5 minutes"},"schema":{"@context":"https:\/\/schema.org","@graph":[{"@type":"WebPage","@id":"https:\/\/cczuric.cat\/en\/castellers-de-zurich\/","url":"https:\/\/cczuric.cat\/en\/castellers-de-zurich\/","name":"Castellers de Z\u00fcrich - Casal Catal\u00e0 de Z\u00faric","isPartOf":{"@id":"https:\/\/cczuric.cat\/en\/#website"},"primaryImageOfPage":{"@id":"https:\/\/cczuric.cat\/en\/castellers-de-zurich\/#primaryimage"},"image":{"@id":"https:\/\/cczuric.cat\/en\/castellers-de-zurich\/#primaryimage"},"thumbnailUrl":"https:\/\/cczuric.cat\/wp-content\/uploads\/2024\/07\/Escut-CdZ-Fons-mitjana.png","datePublished":"2024-04-01T14:40:26+00:00","dateModified":"2026-04-15T17:01:29+00:00","description":"Colla castellera de Z\u00faric","inLanguage":"en-US","potentialAction":[{"@type":"ReadAction","target":["https:\/\/cczuric.cat\/en\/castellers-de-zurich\/"]}]},{"@type":"ImageObject","inLanguage":"en-US","@id":"https:\/\/cczuric.cat\/en\/castellers-de-zurich\/#primaryimage","url":"https:\/\/cczuric.cat\/wp-content\/uploads\/2024\/07\/Escut-CdZ-Fons-mitjana.png","contentUrl":"https:\/\/cczuric.cat\/wp-content\/uploads\/2024\/07\/Escut-CdZ-Fons-mitjana.png","width":7352,"height":7352},{"@type":"WebSite","@id":"https:\/\/cczuric.cat\/en\/#website","url":"https:\/\/cczuric.cat\/en\/","name":"Casal Catal\u00e0 de Z\u00faric","description":"","publisher":{"@id":"https:\/\/cczuric.cat\/en\/#organization"},"alternateName":"CCZ","potentialAction":[{"@type":"SearchAction","target":{"@type":"EntryPoint","urlTemplate":"https:\/\/cczuric.cat\/en\/?s={search_term_string}"},"query-input":{"@type":"PropertyValueSpecification","valueRequired":true,"valueName":"search_term_string"}}],"inLanguage":"en-US"},{"@type":"Organization","@id":"https:\/\/cczuric.cat\/en\/#organization","name":"Casal Catal\u00e0 de Z\u00faric","url":"https:\/\/cczuric.cat\/en\/","logo":{"@type":"ImageObject","inLanguage":"en-US","@id":"https:\/\/cczuric.cat\/en\/#\/schema\/logo\/image\/","url":"https:\/\/cczuric.cat\/wp-content\/uploads\/2025\/01\/logo-a-cczuric.png","contentUrl":"https:\/\/cczuric.cat\/wp-content\/uploads\/2025\/01\/logo-a-cczuric.png","width":470,"height":495,"caption":"Casal Catal\u00e0 de Z\u00faric"},"image":{"@id":"https:\/\/cczuric.cat\/en\/#\/schema\/logo\/image\/"},"sameAs":["https:\/\/www.facebook.com\/Casal.Catala.Zuric","https:\/\/x.com\/CCZuric","https:\/\/www.instagram.com\/cczuric\/"]}]}},"_links":{"self":[{"href":"https:\/\/cczuric.cat\/en\/wp-json\/wp\/v2\/pages\/2943","targetHints":{"allow":["GET"]}}],"collection":[{"href":"https:\/\/cczuric.cat\/en\/wp-json\/wp\/v2\/pages"}],"about":[{"href":"https:\/\/cczuric.cat\/en\/wp-json\/wp\/v2\/types\/page"}],"author":[{"embeddable":true,"href":"https:\/\/cczuric.cat\/en\/wp-json\/wp\/v2\/users\/2"}],"replies":[{"embeddable":true,"href":"https:\/\/cczuric.cat\/en\/wp-json\/wp\/v2\/comments?post=2943"}],"version-history":[{"count":13,"href":"https:\/\/cczuric.cat\/en\/wp-json\/wp\/v2\/pages\/2943\/revisions"}],"predecessor-version":[{"id":5916,"href":"https:\/\/cczuric.cat\/en\/wp-json\/wp\/v2\/pages\/2943\/revisions\/5916"}],"wp:featuredmedia":[{"embeddable":true,"href":"https:\/\/cczuric.cat\/en\/wp-json\/wp\/v2\/media\/2945"}],"wp:attachment":[{"href":"https:\/\/cczuric.cat\/en\/wp-json\/wp\/v2\/media?parent=2943"}],"curies":[{"name":"wp","href":"https:\/\/api.w.org\/{rel}","templated":true}]}}